{"id":1538,"date":"2024-06-24T10:10:25","date_gmt":"2024-06-24T08:10:25","guid":{"rendered":"https:\/\/eventos.ugr.es\/aelco2024\/?page_id=1538"},"modified":"2025-07-15T10:58:14","modified_gmt":"2025-07-15T08:58:14","slug":"politica-de-privacidad","status":"publish","type":"page","link":"https:\/\/eventos.ugr.es\/aelco2024\/politica-de-privacidad\/","title":{"rendered":"Pol\u00edtica de privacidad"},"content":{"rendered":"\n<h2 class=\"wp-block-heading has-theme-palette-1-color has-text-color\"><strong>POL\u00cdTICA DE PRIVACIDAD<\/strong><\/h2>\n\n\n\n<p>De acuerdo con lo establecido en el Reglamento (UE) 2016\/679 del Parlamento Europeo y del Consejo, de 27 de abril de 2016, relativo a la protecci\u00f3n de las personas f\u00edsicas en lo que respecta al tratamiento de datos personales y a la libre circulaci\u00f3n de estos datos (RGPD) y LO 3\/2018, de 5 de diciembre, de Protecci\u00f3n de Datos Personales y garant\u00eda de los derechos digitales (LOPDGDD), les informamos sobre el tratamiento de los datos personales que nos facilitan a trav\u00e9s de nuestra Web.<\/p>\n\n\n\n<h4 class=\"wp-block-heading has-theme-palette-1-color has-text-color\" id=\"proteccion-de-datos-de-caracter-personal\"><strong>Responsable del tratamiento<\/strong><\/h4>\n\n\n\n<p>Secretar\u00eda General Universidad de Granada Direcci\u00f3n postal: Hospital Real Avenida del Hospicio s\/n 18071 Granada Tel\u00e9fono: + 34 958 240874 Correo electr\u00f3nico: <a href=\"mailto:protecciondedatos@ugr.es\">protecciondedatos@ugr.es<\/a> . Contacto con el delegado de Protecci\u00f3n de Datos: <a href=\"mailto:dpd@ugr.es\">dpd@ugr.es<\/a><\/p>\n\n\n\n<h4 class=\"wp-block-heading has-theme-palette-1-color has-text-color\" id=\"proteccion-de-datos-de-caracter-personal\"><strong>Encargado del tratamiento<\/strong><\/h4>\n\n\n\n<p>FORMACI\u00d3N Y GESTI\u00d3N DE GRANADA SL MP (en adelante FYGG), CIF B18432583, direcci\u00f3n Placeta del Hospicio Viejo S\/N, 18009, Granada y tel\u00e9fono 958215660. Correo electr\u00f3nico <a href=\"mailto:info@fyg.ugr.es\">info@fyg.ugr.es<\/a> &nbsp;Contacto con la delegada de protecci\u00f3n de datos <a href=\"mailto:protecciondedatos@fyg.ugr.es\">protecciondedatos@fyg.ugr.es<\/a><\/p>\n\n\n\n<h4 class=\"wp-block-heading has-theme-palette-1-color has-text-color\" id=\"proteccion-de-datos-de-caracter-personal\"><strong>Finalidad con la que trataremos sus datos<\/strong><\/h4>\n\n\n\n<p><strong>Formulario de solicitud de informaci\u00f3n:<\/strong> Sus datos ser\u00e1n tratados para gestionar el env\u00edo de informaci\u00f3n que usted nos solicite.<br><br><strong>Formulario de inscripci\u00f3n:<\/strong> Sus datos ser\u00e1n tratados para gestionar su inscripci\u00f3n al congreso\/evento. Formalizaci\u00f3n de su inscripci\u00f3n una vez confirmado su pago. Prestaci\u00f3n del servicio, cobro y facturaci\u00f3n de este. Remisi\u00f3n de comunicaciones relativas al evento en el que se ha inscrito.<br><br><strong>Formulario de env\u00edo de abstracts o comunicaciones:<\/strong> Sus datos ser\u00e1n tratados para gestionar su propuesta de abstract o comunicaci\u00f3n para el evento determinado. Incluyendo evaluaci\u00f3n y valoraci\u00f3n por un comit\u00e9 t\u00e9cnico. Remisi\u00f3n de comunicaciones y valoraciones relativas a su abstract y al evento para el que se ha presentado. <\/p>\n\n\n\n<h4 class=\"wp-block-heading has-theme-palette-1-color has-text-color\" id=\"proteccion-de-datos-de-caracter-personal\"><strong>Legitimaci\u00f3n para el tratamiento de sus datos<\/strong><\/h4>\n\n\n\n<p><strong>Formulario de solicitud de informaci\u00f3n:<\/strong> El tratamiento de sus datos personales est\u00e1 legitimado en su consentimiento (Art\u00edculo 6.1. a RGPD).<br><br><strong>Formulario de inscripci\u00f3n: <\/strong>El tratamiento de sus datos est\u00e1 legitimado en la ejecuci\u00f3n de un contrato en el que el interesado es parte (inscripci\u00f3n al congreso una vez confirmado el pago\/ creaci\u00f3n de usuario identificado) (art\u00edculo 6.1 b RGPD). <br><br><strong>Formulario de env\u00edo de <strong>abstracts o <\/strong>comunicaciones:<\/strong> El tratamiento de sus datos personales est\u00e1 legitimado en su consentimiento (Art\u00edculo 6.1. a RGPD).<\/p>\n\n\n\n<h4 class=\"wp-block-heading has-theme-palette-1-color has-text-color\" id=\"proteccion-de-datos-de-caracter-personal\"><strong>Plazo de conservaci\u00f3n de los datos<\/strong><\/h4>\n\n\n\n<p>Los datos aportados para la contrataci\u00f3n on line de nuestros servicios (inscripci\u00f3n al evento\/congreso) ser\u00e1n conservados mientras dure la relaci\u00f3n contractual\/comercial establecida, y con posterioridad, durante los plazos establecidos legalmente y para la resoluci\u00f3n de posibles responsabilidades derivadas de la misma. Los datos relativos a pagos y facturaci\u00f3n se conservar\u00e1n durante los plazos establecidos en la normativa correspondiente en materia econ\u00f3mico\/contable y fiscal.<br><br>En los supuestos en que la base del tratamiento sea el consentimiento, (env\u00edo de informaci\u00f3n promocional), los datos ser\u00e1n conservados mientras no retire el consentimiento otorgado para su tratamiento. En este supuesto, ser\u00e1n conservados debidamente bloqueados durante el tiempo en que pudieran surgir responsabilidades derivadas del tratamiento, en cumplimiento con la normativa vigente<\/p>\n\n\n\n<h4 class=\"wp-block-heading has-theme-palette-1-color has-text-color\" id=\"proteccion-de-datos-de-caracter-personal\"><strong>Comunicaci\u00f3n de los datos<\/strong><\/h4>\n\n\n\n<p>Sus datos podr\u00e1n ser comunicados, para cumplir con la relaci\u00f3n establecida y las finalidades indicadas a determinadas empresas prestadoras de servicios como agencias de viaje, empresas organizadoras de eventos\/ catering, servicios de transporte, servicios t\u00e9cnicos etc., as\u00ed como en los casos previstos legalmente. En las visitas a monumentos sus datos ser\u00e1n comunicados al servicio\/ entidad gestora de \u00e9stos para la tramitaci\u00f3n del acceso a los mismos y en su caso, para la aplicaci\u00f3n de los descuentos correspondientes<\/p>\n\n\n\n<h4 class=\"wp-block-heading has-theme-palette-1-color has-text-color\" id=\"proteccion-de-datos-de-caracter-personal\"><strong>Sus derechos<\/strong><\/h4>\n\n\n\n<p>FYGG facilitar\u00e1 a los interesados que lo soliciten el ejercicio de sus derechos, en virtud de lo establecido en los art\u00edculos 15 y siguientes del (RGPD)<\/p>\n\n\n\n<p><strong>Derechos que puedes solicitar:<\/strong><\/p>\n\n\n\n<ul class=\"wp-block-list\">\n<li>Solicitar el acceso a sus datos personales o su rectificaci\u00f3n cuando sean inexactos.<\/li>\n\n\n\n<li>Solicitar su supresi\u00f3n cuando, entre otros motivos, los datos ya no sean necesarios para los fines para los que fueron recogidos.<\/li>\n\n\n\n<li>Solicitar la limitaci\u00f3n de su tratamiento en determinadas circunstancias, solicitando al responsable que marque sus datos con el fin de limitar el tratamiento.<\/li>\n\n\n\n<li>Solicitar la oposici\u00f3n al tratamiento de sus datos por motivos relacionados con su situaci\u00f3n particular.<\/li>\n\n\n\n<li>Solicitar la portabilidad de los datos en los casos previstos en la normativa (cuando el tratamiento est\u00e9 basado en el consentimiento o en la ejecuci\u00f3n de un contrato) .El interesado &nbsp;tendr\u00e1 derecho a que el Responsable transmita sus datos a otro Responsable &nbsp;o al mismo Interesado, mediante un formato estructurado de uso habitual y lectura mec\u00e1nica<\/li>\n\n\n\n<li>Derecho a no ser objeto de una elaboraci\u00f3n de perfiles basada en un tratamiento automatizado. El interesado tendr\u00e1 derecho a no ser objeto de una elaboraci\u00f3n de perfiles cuya finalidad sea adoptar decisiones individuales basadas en un tratamiento automatizado de sus datos<\/li>\n<\/ul>\n\n\n\n<p><strong>D\u00f3nde y c\u00f3mo solicitar tus derechos<\/strong><\/p>\n\n\n\n<p>Mediante escrito dirigido a FYGG a su direcci\u00f3n postal en Placeta del Hospicio Viejo S\/N, 18009, Granada. o en la direcci\u00f3n de correo electr\u00f3nico <a href=\"mailto:protecciondedatos@fyg.ugr.es\">protecciondedatos@fyg.ugr.es<\/a>, indicando la referencia \u201cDatos Personales\u201d, especificando el derecho que se quiere ejercer y respecto a qu\u00e9 datos personales.<br><br>El ejercicio de los derechos es personal\u00edsimo, por lo que deber\u00e1 solicitarlo el propio interesado.<br><br>Tambi\u00e9n podr\u00e1n ser solicitados mediante representaci\u00f3n voluntaria, debiendo quedar acreditada la identidad del representado y la representaci\u00f3n otorgada.<\/p>\n\n\n\n<h4 class=\"wp-block-heading has-theme-palette-1-color has-text-color\" id=\"proteccion-de-datos-de-caracter-personal\"><strong>Ejercicio de derechos<\/strong><\/h4>\n\n\n\n<p>Ponemos a su disposici\u00f3n los distintos modelos de formularios elaborados por la Agencia Espa\u00f1ola de Protecci\u00f3n de Datos para la solicitud de ejercicio de derechos y las instrucciones para cumplimentarlos.<\/p>\n\n\n\n<ul class=\"wp-block-list\">\n<li>Ejercicio del derecho de <a href=\"https:\/\/www.aepd.es\/es\/documento\/formulario-derecho-de-acceso.pdf\">acceso<\/a>.<\/li>\n\n\n\n<li>Ejercicio del derecho de <a href=\"https:\/\/www.aepd.es\/es\/documento\/formulario-derecho-de-rectificacion.pdf\">rectificaci\u00f3n.<\/a><\/li>\n\n\n\n<li>Ejercicio del derecho de <a href=\"https:\/\/www.aepd.es\/es\/documento\/formulario-derecho-de-oposicion.pdf\">oposici\u00f3n<\/a>.<\/li>\n\n\n\n<li>Ejercicio del derecho a la <a href=\"https:\/\/www.aepd.es\/es\/documento\/formulario-derecho-de-limitacion.pdf\">limitaci\u00f3n<\/a> del tratamiento.<\/li>\n\n\n\n<li>Ejercicio del derecho de <a href=\"https:\/\/www.aepd.es\/es\/documento\/formulario-derecho-de-supresion.pdf\">supresi\u00f3n<\/a>.<\/li>\n\n\n\n<li>Ejercicio del derecho a no ser objeto de decisiones <a href=\"https:\/\/www.aepd.es\/es\/documento\/formulario-derecho-de-oposicion-decisiones-automatizadas.pdf\">individuales<\/a> automatizadas.<\/li>\n\n\n\n<li>Ejercicio del derecho a la <a href=\"https:\/\/www.aepd.es\/es\/documento\/formulario-derecho-de-portabilidad.pdf\">portabilidad<\/a> de los datos<\/li>\n<\/ul>\n\n\n\n<p>En los supuestos en que entienda que no se le ha atendido correctamente en el ejercicio de sus derechos, puede dirigirse a la Delegada de Protecci\u00f3n de Datos de FYGG a la direcci\u00f3n de correo : <a href=\"mailto:protecciondedatos@fyg.ugr.es\">protecciondedatos@fyg.ugr.es<\/a>&nbsp;con el asunto \u201cejercicio de derechos \u201co presentar reclamaci\u00f3n ante la Autoridad de Control en materia de Protecci\u00f3n de Datos Consejo de Transparencia y Protecci\u00f3n de Datos de Andaluc\u00eda por escrito a su direcci\u00f3n postal en C\/ Conde de Ibarra, 18 \u2013 41004 Sevilla o a trav\u00e9s de su sede electr\u00f3nica&nbsp;<a href=\"https:\/\/www.ctpdandalucia.es\/area-de-proteccion-de-datos\/reclamaciones-ante-el-consejo-por-vulneracion-la-normativa-proteccion-datos-personales\">https:\/\/www.ctpdandalucia.es\/area-de-proteccion-de-datos\/reclamaciones-ante-el-consejo-por-vulneracion-la-normativa-proteccion-datos-personales<\/a><\/p>\n\n\n\n<div style=\"height:25px\" aria-hidden=\"true\" class=\"wp-block-spacer\"><\/div>\n","protected":false},"excerpt":{"rendered":"<p>POL\u00cdTICA DE PRIVACIDAD De acuerdo con lo establecido en el Reglamento (UE) 2016\/679 del Parlamento Europeo y del Consejo, de 27 de abril de 2016, relativo a la protecci\u00f3n de las personas f\u00edsicas en lo que respecta al tratamiento de datos personales y a la libre circulaci\u00f3n de estos datos (RGPD) y LO 3\/2018, de&#8230;<\/p>\n","protected":false},"author":17,"featured_media":0,"parent":0,"menu_order":0,"comment_status":"closed","ping_status":"closed","template":"","meta":{"_uag_custom_page_level_css":"","_kad_post_transparent":"","_kad_post_title":"","_kad_post_layout":"","_kad_post_sidebar_id":"","_kad_post_content_style":"","_kad_post_vertical_padding":"","_kad_post_feature":"","_kad_post_feature_position":"","_kad_post_header":false,"_kad_post_footer":false,"footnotes":""},"folder":[39],"class_list":["post-1538","page","type-page","status-publish","hentry"],"yoast_head":"<!-- This site is optimized with the Yoast SEO plugin v25.5 - https:\/\/yoast.com\/wordpress\/plugins\/seo\/ -->\n<title>Pol\u00edtica de privacidad - XIII Congreso Internacional AELCO 2024<\/title>\n<meta name=\"robots\" content=\"index, follow, max-snippet:-1, max-image-preview:large, max-video-preview:-1\" \/>\n<link rel=\"canonical\" href=\"https:\/\/eventos.ugr.es\/aelco2024\/politica-de-privacidad\/\" \/>\n<meta property=\"og:locale\" content=\"es_ES\" \/>\n<meta property=\"og:type\" content=\"article\" \/>\n<meta property=\"og:title\" content=\"Pol\u00edtica de privacidad - XIII Congreso Internacional AELCO 2024\" \/>\n<meta property=\"og:description\" content=\"POL\u00cdTICA DE PRIVACIDAD De acuerdo con lo establecido en el Reglamento (UE) 2016\/679 del Parlamento Europeo y del Consejo, de 27 de abril de 2016, relativo a la protecci\u00f3n de las personas f\u00edsicas en lo que respecta al tratamiento de datos personales y a la libre circulaci\u00f3n de estos datos (RGPD) y LO 3\/2018, de...\" \/>\n<meta property=\"og:url\" content=\"https:\/\/eventos.ugr.es\/aelco2024\/politica-de-privacidad\/\" \/>\n<meta property=\"og:site_name\" content=\"XIII Congreso Internacional AELCO 2024\" \/>\n<meta property=\"article:modified_time\" content=\"2025-07-15T08:58:14+00:00\" \/>\n<meta name=\"twitter:card\" content=\"summary_large_image\" \/>\n<meta name=\"twitter:label1\" content=\"Tiempo de lectura\" \/>\n\t<meta name=\"twitter:data1\" content=\"5 minutos\" \/>\n<script type=\"application\/ld+json\" class=\"yoast-schema-graph\">{\"@context\":\"https:\/\/schema.org\",\"@graph\":[{\"@type\":\"WebPage\",\"@id\":\"https:\/\/eventos.ugr.es\/aelco2024\/politica-de-privacidad\/\",\"url\":\"https:\/\/eventos.ugr.es\/aelco2024\/politica-de-privacidad\/\",\"name\":\"Pol\u00edtica de privacidad - XIII Congreso Internacional AELCO 2024\",\"isPartOf\":{\"@id\":\"https:\/\/eventos.ugr.es\/aelco2024\/#website\"},\"datePublished\":\"2024-06-24T08:10:25+00:00\",\"dateModified\":\"2025-07-15T08:58:14+00:00\",\"breadcrumb\":{\"@id\":\"https:\/\/eventos.ugr.es\/aelco2024\/politica-de-privacidad\/#breadcrumb\"},\"inLanguage\":\"es\",\"potentialAction\":[{\"@type\":\"ReadAction\",\"target\":[\"https:\/\/eventos.ugr.es\/aelco2024\/politica-de-privacidad\/\"]}]},{\"@type\":\"BreadcrumbList\",\"@id\":\"https:\/\/eventos.ugr.es\/aelco2024\/politica-de-privacidad\/#breadcrumb\",\"itemListElement\":[{\"@type\":\"ListItem\",\"position\":1,\"name\":\"Portada\",\"item\":\"https:\/\/eventos.ugr.es\/aelco2024\/\"},{\"@type\":\"ListItem\",\"position\":2,\"name\":\"Pol\u00edtica de privacidad\"}]},{\"@type\":\"WebSite\",\"@id\":\"https:\/\/eventos.ugr.es\/aelco2024\/#website\",\"url\":\"https:\/\/eventos.ugr.es\/aelco2024\/\",\"name\":\"XIII Congreso Internacional AELCO 2024\",\"description\":\"Granada, 25, 26 y 27 de septiembre de 2024\",\"publisher\":{\"@id\":\"https:\/\/eventos.ugr.es\/aelco2024\/#organization\"},\"potentialAction\":[{\"@type\":\"SearchAction\",\"target\":{\"@type\":\"EntryPoint\",\"urlTemplate\":\"https:\/\/eventos.ugr.es\/aelco2024\/?s={search_term_string}\"},\"query-input\":{\"@type\":\"PropertyValueSpecification\",\"valueRequired\":true,\"valueName\":\"search_term_string\"}}],\"inLanguage\":\"es\"},{\"@type\":\"Organization\",\"@id\":\"https:\/\/eventos.ugr.es\/aelco2024\/#organization\",\"name\":\"XIII Congreso Internacional AELCO 2024\",\"url\":\"https:\/\/eventos.ugr.es\/aelco2024\/\",\"logo\":{\"@type\":\"ImageObject\",\"inLanguage\":\"es\",\"@id\":\"https:\/\/eventos.ugr.es\/aelco2024\/#\/schema\/logo\/image\/\",\"url\":\"https:\/\/eventos.ugr.es\/aelco2024\/wp-content\/uploads\/sites\/18\/2023\/07\/logo-ugr-cabecera.png\",\"contentUrl\":\"https:\/\/eventos.ugr.es\/aelco2024\/wp-content\/uploads\/sites\/18\/2023\/07\/logo-ugr-cabecera.png\",\"width\":255,\"height\":72,\"caption\":\"XIII Congreso Internacional AELCO 2024\"},\"image\":{\"@id\":\"https:\/\/eventos.ugr.es\/aelco2024\/#\/schema\/logo\/image\/\"}}]}<\/script>\n<!-- \/ Yoast SEO plugin. -->","yoast_head_json":{"title":"Pol\u00edtica de privacidad - XIII Congreso Internacional AELCO 2024","robots":{"index":"index","follow":"follow","max-snippet":"max-snippet:-1","max-image-preview":"max-image-preview:large","max-video-preview":"max-video-preview:-1"},"canonical":"https:\/\/eventos.ugr.es\/aelco2024\/politica-de-privacidad\/","og_locale":"es_ES","og_type":"article","og_title":"Pol\u00edtica de privacidad - XIII Congreso Internacional AELCO 2024","og_description":"POL\u00cdTICA DE PRIVACIDAD De acuerdo con lo establecido en el Reglamento (UE) 2016\/679 del Parlamento Europeo y del Consejo, de 27 de abril de 2016, relativo a la protecci\u00f3n de las personas f\u00edsicas en lo que respecta al tratamiento de datos personales y a la libre circulaci\u00f3n de estos datos (RGPD) y LO 3\/2018, de...","og_url":"https:\/\/eventos.ugr.es\/aelco2024\/politica-de-privacidad\/","og_site_name":"XIII Congreso Internacional AELCO 2024","article_modified_time":"2025-07-15T08:58:14+00:00","twitter_card":"summary_large_image","twitter_misc":{"Tiempo de lectura":"5 minutos"},"schema":{"@context":"https:\/\/schema.org","@graph":[{"@type":"WebPage","@id":"https:\/\/eventos.ugr.es\/aelco2024\/politica-de-privacidad\/","url":"https:\/\/eventos.ugr.es\/aelco2024\/politica-de-privacidad\/","name":"Pol\u00edtica de privacidad - XIII Congreso Internacional AELCO 2024","isPartOf":{"@id":"https:\/\/eventos.ugr.es\/aelco2024\/#website"},"datePublished":"2024-06-24T08:10:25+00:00","dateModified":"2025-07-15T08:58:14+00:00","breadcrumb":{"@id":"https:\/\/eventos.ugr.es\/aelco2024\/politica-de-privacidad\/#breadcrumb"},"inLanguage":"es","potentialAction":[{"@type":"ReadAction","target":["https:\/\/eventos.ugr.es\/aelco2024\/politica-de-privacidad\/"]}]},{"@type":"BreadcrumbList","@id":"https:\/\/eventos.ugr.es\/aelco2024\/politica-de-privacidad\/#breadcrumb","itemListElement":[{"@type":"ListItem","position":1,"name":"Portada","item":"https:\/\/eventos.ugr.es\/aelco2024\/"},{"@type":"ListItem","position":2,"name":"Pol\u00edtica de privacidad"}]},{"@type":"WebSite","@id":"https:\/\/eventos.ugr.es\/aelco2024\/#website","url":"https:\/\/eventos.ugr.es\/aelco2024\/","name":"XIII Congreso Internacional AELCO 2024","description":"Granada, 25, 26 y 27 de septiembre de 2024","publisher":{"@id":"https:\/\/eventos.ugr.es\/aelco2024\/#organization"},"potentialAction":[{"@type":"SearchAction","target":{"@type":"EntryPoint","urlTemplate":"https:\/\/eventos.ugr.es\/aelco2024\/?s={search_term_string}"},"query-input":{"@type":"PropertyValueSpecification","valueRequired":true,"valueName":"search_term_string"}}],"inLanguage":"es"},{"@type":"Organization","@id":"https:\/\/eventos.ugr.es\/aelco2024\/#organization","name":"XIII Congreso Internacional AELCO 2024","url":"https:\/\/eventos.ugr.es\/aelco2024\/","logo":{"@type":"ImageObject","inLanguage":"es","@id":"https:\/\/eventos.ugr.es\/aelco2024\/#\/schema\/logo\/image\/","url":"https:\/\/eventos.ugr.es\/aelco2024\/wp-content\/uploads\/sites\/18\/2023\/07\/logo-ugr-cabecera.png","contentUrl":"https:\/\/eventos.ugr.es\/aelco2024\/wp-content\/uploads\/sites\/18\/2023\/07\/logo-ugr-cabecera.png","width":255,"height":72,"caption":"XIII Congreso Internacional AELCO 2024"},"image":{"@id":"https:\/\/eventos.ugr.es\/aelco2024\/#\/schema\/logo\/image\/"}}]}},"uagb_featured_image_src":{"full":false,"thumbnail":false,"medium":false,"medium_large":false,"large":false,"1536x1536":false,"2048x2048":false},"uagb_author_info":{"display_name":"franarco","author_link":"https:\/\/eventos.ugr.es\/aelco2024\/author\/franarco\/"},"uagb_comment_info":0,"uagb_excerpt":"POL\u00cdTICA DE PRIVACIDAD De acuerdo con lo establecido en el Reglamento (UE) 2016\/679 del Parlamento Europeo y del Consejo, de 27 de abril de 2016, relativo a la protecci\u00f3n de las personas f\u00edsicas en lo que respecta al tratamiento de datos personales y a la libre circulaci\u00f3n de estos datos (RGPD) y LO 3\/2018, de...","_links":{"self":[{"href":"https:\/\/eventos.ugr.es\/aelco2024\/wp-json\/wp\/v2\/pages\/1538","targetHints":{"allow":["GET"]}}],"collection":[{"href":"https:\/\/eventos.ugr.es\/aelco2024\/wp-json\/wp\/v2\/pages"}],"about":[{"href":"https:\/\/eventos.ugr.es\/aelco2024\/wp-json\/wp\/v2\/types\/page"}],"author":[{"embeddable":true,"href":"https:\/\/eventos.ugr.es\/aelco2024\/wp-json\/wp\/v2\/users\/17"}],"replies":[{"embeddable":true,"href":"https:\/\/eventos.ugr.es\/aelco2024\/wp-json\/wp\/v2\/comments?post=1538"}],"version-history":[{"count":28,"href":"https:\/\/eventos.ugr.es\/aelco2024\/wp-json\/wp\/v2\/pages\/1538\/revisions"}],"predecessor-version":[{"id":2013,"href":"https:\/\/eventos.ugr.es\/aelco2024\/wp-json\/wp\/v2\/pages\/1538\/revisions\/2013"}],"wp:attachment":[{"href":"https:\/\/eventos.ugr.es\/aelco2024\/wp-json\/wp\/v2\/media?parent=1538"}],"wp:term":[{"taxonomy":"folder","embeddable":true,"href":"https:\/\/eventos.ugr.es\/aelco2024\/wp-json\/wp\/v2\/folder?post=1538"}],"curies":[{"name":"wp","href":"https:\/\/api.w.org\/{rel}","templated":true}]}}