{"id":262,"date":"2023-07-11T08:16:01","date_gmt":"2023-07-11T08:16:01","guid":{"rendered":"https:\/\/eventos.ugr.es\/aelco2024\/?page_id=262"},"modified":"2024-02-08T09:18:49","modified_gmt":"2024-02-08T08:18:49","slug":"collaborators","status":"publish","type":"page","link":"https:\/\/eventos.ugr.es\/aelco2024\/collaborators\/","title":{"rendered":"Sponsors"},"content":{"rendered":"\n<div class=\"wp-block-uagb-container uagb-block-7c115565 alignfull uagb-is-root-container\">\n<h2 class=\"wp-block-heading has-text-align-center titulo-sitio has-white-color has-text-color\" style=\"font-style:normal;font-weight:100\">Sponsors<\/h2>\n<\/div>\n\n\n<div class=\"bloque-patrocinadores\">\r\n\r\n<!--- Departamento de Ling\u00fc\u00edstica General y Teor\u00eda de la Literatura de la Universidad de Granada  --->\r\n <figure>\r\n\t<a href=\"https:\/\/linguisticayteoria.ugr.es\" target=\"_blank\" rel=\"noopener\">\r\n\t\t<img decoding=\"async\" src=\"https:\/\/eventos.ugr.es\/cdn\/img\/logotipos\/ugr\/logo-ugr-h-color.png\" alt=\"Logotipo Universidad de Granada\">\r\n\t<\/a>\r\n\t <figcaption><a href=\"https:\/\/linguisticayteoria.ugr.es\" target=\"_blank\" rel=\"noopener\">Departamento de Ling\u00fc\u00edstica General y Teor\u00eda de la Literatura de la Universidad de Granada<\/a><\/figcaption>\r\n<\/figure>\r\n\t\r\n<!--- Grupo de Investigaci\u00f3n HUM-825 Grupo de Investigaci\u00f3n para la ense\u00f1anza virtual del l\u00e9xico  --->\r\n <figure>\r\n\t<a href=\"https:\/\/ofertaimasd.ugr.es\/hum\/grupos-de-investigacion\/hum-825-grupo-de-investigacion-para-la-ensenanza-virtual-del-lexico\/\" target=\"_blank\" rel=\"noopener\">\r\n\t\t<img decoding=\"async\" src=\"https:\/\/eventos.ugr.es\/cdn\/img\/logotipos\/ugr\/logo-ugr-h-color.png\" alt=\"Logotipo Universidad de Granada\">\r\n\t<\/a>\r\n\t <figcaption><a href=\"https:\/\/ofertaimasd.ugr.es\/hum\/grupos-de-investigacion\/hum-825-grupo-de-investigacion-para-la-ensenanza-virtual-del-lexico\/\" target=\"_blank\" rel=\"noopener\">Grupo de Investigaci\u00f3n HUM-825 Grupo de Investigaci\u00f3n para la ense\u00f1anza virtual del l\u00e9xico - Universidad de Granada<\/a><\/figcaption>\r\n<\/figure>\r\n\r\n<!--- Logotipo Grupo de Investigaci\u00f3n Gram\u00e1tica figurativo-constructiva del tiempo y aspecto verbales en ingl\u00e9s y espa\u00f1ol. Aplicaci\u00f3n did\u00e1ctica cognitivo-contrastiva para el desarrollo de la competencia pluriling\u00fce  --->\r\n <figure class=\"logo-grande\">\r\n\t <a href=\"#\" target=\"_blank\" rel=\"noopener\">\r\n\t\t<img decoding=\"async\" src=\"https:\/\/eventos.ugr.es\/aelco2024\/wp-content\/uploads\/sites\/18\/2024\/06\/proyecto-pid-2021.jpg\" alt=\"Logotipos\">\r\n\t <\/a>\r\n\t <figcaption>Proyecto IMAGINE (\"Gram\u00e1tica figurativo-constructiva del tiempo y aspecto verbales en ingl\u00e9s y espa\u00f1ol. Aplicaci\u00f3n did\u00e1ctica cognitivo-contrastiva para el desarrollo de la competencia pluriling\u00fce\u201d). PID2021-128771OB-I00. Financiado por MCIN\/ AEI \/10.13039\/501100011033 y por FEDER Una manera de hacer Europa.<\/figcaption>\r\n<\/figure>\t\r\n\r\n<!--- Logotipo Grupo editorial John Benjamins  --->\r\n <figure >\r\n\t\t<a href=\"https:\/\/benjamins.com\/\" target=\"_blank\" rel=\"noopener\"><img decoding=\"async\" src=\"https:\/\/eventos.ugr.es\/aelco2024\/wp-content\/uploads\/sites\/18\/2024\/07\/JB_logo.gif\" alt=\"John Benjamins\"><\/a>\r\n\t <figcaption><a href=\"https:\/\/benjamins.com\/\" target=\"_blank\" rel=\"noopener\">Grupo editorial John Benjamin.<\/a><\/figcaption>\r\n<\/figure>\r\n\t\r\n<!--- Logotipo Facultad de Filosof\u00eda y Letras  --->\r\n <figure >\r\n\t\t<a href=\"https:\/\/filosofiayletras.ugr.es\/\" target=\"_blank\" rel=\"noopener\"><img decoding=\"async\" class=\"logo-medio\" src=\"https:\/\/eventos.ugr.es\/aelco2024\/wp-content\/uploads\/sites\/18\/2024\/07\/logo-fyl.png\" alt=\"Facultad de Filosof\u00eda y Letras - Universidad de Granada\"><\/a>\r\n\t <figcaption><a href=\"https:\/\/filosofiayletras.ugr.es\/\" target=\"_blank\" rel=\"noopener\">Facultad de Filosof\u00eda y Letras - Universidad de Granada<\/a><\/figcaption>\r\n<\/figure>\r\n\t\r\n\t\r\n<!-- ESTOS PATRICIONADORES SE HAN FUSIONADO EN EL ANTERIOR --->\r\n\t\r\n<!--- Logotipo Grupo de Investigaci\u00f3n HUM-825 Grupo de Investigaci\u00f3n para la ense\u00f1anza virtual del l\u00e9xico  --->\r\n<!-- <figure class=\"logo-grande\">\r\n\t\t<img decoding=\"async\" src=\"https:\/\/eventos.ugr.es\/cdn\/img\/logotipos\/varios\/logo-micin-UE-aei.png\" alt=\"Logotipos\">\r\n\t <figcaption>Proyecto I+D \"Gram\u00e1tica figurativo-constructiva del tiempo y aspecto verbales en ingl\u00e9s y espa\u00f1ol. Aplicaci\u00f3n did\u00e1ctica cognitivo-contrastiva para el desarrollo de la competencia pluriling\u00fce (IMAGINE).\" PID2021-128771OB-I00. Plan Nacional de I+D+i. Generaci\u00f3n del conocimiento 2021.<\/figcaption>\r\n<\/figure>-->\r\n\t\r\n\t<!--- Logotipo Grupo de Investigaci\u00f3n HUM-825 Grupo de Investigaci\u00f3n para la ense\u00f1anza virtual del l\u00e9xico  --->\r\n <!--<figure class=\"logo-grande\">\r\n\t\t<img decoding=\"async\" src=\"https:\/\/eventos.ugr.es\/aelco2024\/wp-content\/uploads\/sites\/18\/2024\/05\/Proyecto-PID2021-128771OB-I00.png\" alt=\"Logotipos\">\r\n\t <figcaption>Proyecto PID2021-128771OB-I00 - financiado por MCIN\/ AEI \/10.13039\/501100011033 y por FEDER Una manera de hacer Europa.<\/figcaption>\r\n<\/figure>-->\r\n\r\n<\/div>\n\n\n\n\n","protected":false},"excerpt":{"rendered":"<p>Sponsors<\/p>\n","protected":false},"author":18,"featured_media":0,"parent":0,"menu_order":0,"comment_status":"closed","ping_status":"closed","template":"","meta":{"_uag_custom_page_level_css":"","_kad_post_transparent":"","_kad_post_title":"","_kad_post_layout":"","_kad_post_sidebar_id":"","_kad_post_content_style":"","_kad_post_vertical_padding":"","_kad_post_feature":"","_kad_post_feature_position":"","_kad_post_header":false,"_kad_post_footer":false,"footnotes":""},"folder":[],"class_list":["post-262","page","type-page","status-publish","hentry"],"yoast_head":"<!-- This site is optimized with the Yoast SEO plugin v25.5 - https:\/\/yoast.com\/wordpress\/plugins\/seo\/ -->\n<title>Sponsors - XIII Congreso Internacional AELCO 2024<\/title>\n<meta name=\"robots\" content=\"index, follow, max-snippet:-1, max-image-preview:large, max-video-preview:-1\" \/>\n<link rel=\"canonical\" href=\"https:\/\/eventos.ugr.es\/aelco2024\/collaborators\/\" \/>\n<meta property=\"og:locale\" content=\"es_ES\" \/>\n<meta property=\"og:type\" content=\"article\" \/>\n<meta property=\"og:title\" content=\"Sponsors - XIII Congreso Internacional AELCO 2024\" \/>\n<meta property=\"og:description\" content=\"Sponsors\" \/>\n<meta property=\"og:url\" content=\"https:\/\/eventos.ugr.es\/aelco2024\/collaborators\/\" \/>\n<meta property=\"og:site_name\" content=\"XIII Congreso Internacional AELCO 2024\" \/>\n<meta property=\"article:modified_time\" content=\"2024-02-08T08:18:49+00:00\" \/>\n<meta name=\"twitter:card\" content=\"summary_large_image\" \/>\n<meta name=\"twitter:label1\" content=\"Tiempo de lectura\" \/>\n\t<meta name=\"twitter:data1\" content=\"1 minuto\" \/>\n<script type=\"application\/ld+json\" class=\"yoast-schema-graph\">{\"@context\":\"https:\/\/schema.org\",\"@graph\":[{\"@type\":\"WebPage\",\"@id\":\"https:\/\/eventos.ugr.es\/aelco2024\/collaborators\/\",\"url\":\"https:\/\/eventos.ugr.es\/aelco2024\/collaborators\/\",\"name\":\"Sponsors - XIII Congreso Internacional AELCO 2024\",\"isPartOf\":{\"@id\":\"https:\/\/eventos.ugr.es\/aelco2024\/#website\"},\"datePublished\":\"2023-07-11T08:16:01+00:00\",\"dateModified\":\"2024-02-08T08:18:49+00:00\",\"breadcrumb\":{\"@id\":\"https:\/\/eventos.ugr.es\/aelco2024\/collaborators\/#breadcrumb\"},\"inLanguage\":\"es\",\"potentialAction\":[{\"@type\":\"ReadAction\",\"target\":[\"https:\/\/eventos.ugr.es\/aelco2024\/collaborators\/\"]}]},{\"@type\":\"BreadcrumbList\",\"@id\":\"https:\/\/eventos.ugr.es\/aelco2024\/collaborators\/#breadcrumb\",\"itemListElement\":[{\"@type\":\"ListItem\",\"position\":1,\"name\":\"Portada\",\"item\":\"https:\/\/eventos.ugr.es\/aelco2024\/\"},{\"@type\":\"ListItem\",\"position\":2,\"name\":\"Sponsors\"}]},{\"@type\":\"WebSite\",\"@id\":\"https:\/\/eventos.ugr.es\/aelco2024\/#website\",\"url\":\"https:\/\/eventos.ugr.es\/aelco2024\/\",\"name\":\"XIII Congreso Internacional AELCO 2024\",\"description\":\"Granada, 25, 26 y 27 de septiembre de 2024\",\"publisher\":{\"@id\":\"https:\/\/eventos.ugr.es\/aelco2024\/#organization\"},\"potentialAction\":[{\"@type\":\"SearchAction\",\"target\":{\"@type\":\"EntryPoint\",\"urlTemplate\":\"https:\/\/eventos.ugr.es\/aelco2024\/?s={search_term_string}\"},\"query-input\":{\"@type\":\"PropertyValueSpecification\",\"valueRequired\":true,\"valueName\":\"search_term_string\"}}],\"inLanguage\":\"es\"},{\"@type\":\"Organization\",\"@id\":\"https:\/\/eventos.ugr.es\/aelco2024\/#organization\",\"name\":\"XIII Congreso Internacional AELCO 2024\",\"url\":\"https:\/\/eventos.ugr.es\/aelco2024\/\",\"logo\":{\"@type\":\"ImageObject\",\"inLanguage\":\"es\",\"@id\":\"https:\/\/eventos.ugr.es\/aelco2024\/#\/schema\/logo\/image\/\",\"url\":\"https:\/\/eventos.ugr.es\/aelco2024\/wp-content\/uploads\/sites\/18\/2023\/07\/logo-ugr-cabecera.png\",\"contentUrl\":\"https:\/\/eventos.ugr.es\/aelco2024\/wp-content\/uploads\/sites\/18\/2023\/07\/logo-ugr-cabecera.png\",\"width\":255,\"height\":72,\"caption\":\"XIII Congreso Internacional AELCO 2024\"},\"image\":{\"@id\":\"https:\/\/eventos.ugr.es\/aelco2024\/#\/schema\/logo\/image\/\"}}]}<\/script>\n<!-- \/ Yoast SEO plugin. -->","yoast_head_json":{"title":"Sponsors - XIII Congreso Internacional AELCO 2024","robots":{"index":"index","follow":"follow","max-snippet":"max-snippet:-1","max-image-preview":"max-image-preview:large","max-video-preview":"max-video-preview:-1"},"canonical":"https:\/\/eventos.ugr.es\/aelco2024\/collaborators\/","og_locale":"es_ES","og_type":"article","og_title":"Sponsors - XIII Congreso Internacional AELCO 2024","og_description":"Sponsors","og_url":"https:\/\/eventos.ugr.es\/aelco2024\/collaborators\/","og_site_name":"XIII Congreso Internacional AELCO 2024","article_modified_time":"2024-02-08T08:18:49+00:00","twitter_card":"summary_large_image","twitter_misc":{"Tiempo de lectura":"1 minuto"},"schema":{"@context":"https:\/\/schema.org","@graph":[{"@type":"WebPage","@id":"https:\/\/eventos.ugr.es\/aelco2024\/collaborators\/","url":"https:\/\/eventos.ugr.es\/aelco2024\/collaborators\/","name":"Sponsors - XIII Congreso Internacional AELCO 2024","isPartOf":{"@id":"https:\/\/eventos.ugr.es\/aelco2024\/#website"},"datePublished":"2023-07-11T08:16:01+00:00","dateModified":"2024-02-08T08:18:49+00:00","breadcrumb":{"@id":"https:\/\/eventos.ugr.es\/aelco2024\/collaborators\/#breadcrumb"},"inLanguage":"es","potentialAction":[{"@type":"ReadAction","target":["https:\/\/eventos.ugr.es\/aelco2024\/collaborators\/"]}]},{"@type":"BreadcrumbList","@id":"https:\/\/eventos.ugr.es\/aelco2024\/collaborators\/#breadcrumb","itemListElement":[{"@type":"ListItem","position":1,"name":"Portada","item":"https:\/\/eventos.ugr.es\/aelco2024\/"},{"@type":"ListItem","position":2,"name":"Sponsors"}]},{"@type":"WebSite","@id":"https:\/\/eventos.ugr.es\/aelco2024\/#website","url":"https:\/\/eventos.ugr.es\/aelco2024\/","name":"XIII Congreso Internacional AELCO 2024","description":"Granada, 25, 26 y 27 de septiembre de 2024","publisher":{"@id":"https:\/\/eventos.ugr.es\/aelco2024\/#organization"},"potentialAction":[{"@type":"SearchAction","target":{"@type":"EntryPoint","urlTemplate":"https:\/\/eventos.ugr.es\/aelco2024\/?s={search_term_string}"},"query-input":{"@type":"PropertyValueSpecification","valueRequired":true,"valueName":"search_term_string"}}],"inLanguage":"es"},{"@type":"Organization","@id":"https:\/\/eventos.ugr.es\/aelco2024\/#organization","name":"XIII Congreso Internacional AELCO 2024","url":"https:\/\/eventos.ugr.es\/aelco2024\/","logo":{"@type":"ImageObject","inLanguage":"es","@id":"https:\/\/eventos.ugr.es\/aelco2024\/#\/schema\/logo\/image\/","url":"https:\/\/eventos.ugr.es\/aelco2024\/wp-content\/uploads\/sites\/18\/2023\/07\/logo-ugr-cabecera.png","contentUrl":"https:\/\/eventos.ugr.es\/aelco2024\/wp-content\/uploads\/sites\/18\/2023\/07\/logo-ugr-cabecera.png","width":255,"height":72,"caption":"XIII Congreso Internacional AELCO 2024"},"image":{"@id":"https:\/\/eventos.ugr.es\/aelco2024\/#\/schema\/logo\/image\/"}}]}},"uagb_featured_image_src":{"full":false,"thumbnail":false,"medium":false,"medium_large":false,"large":false,"1536x1536":false,"2048x2048":false},"uagb_author_info":{"display_name":"antoniorodriguez","author_link":"https:\/\/eventos.ugr.es\/aelco2024\/author\/antoniorodriguez\/"},"uagb_comment_info":0,"uagb_excerpt":"Sponsors","_links":{"self":[{"href":"https:\/\/eventos.ugr.es\/aelco2024\/wp-json\/wp\/v2\/pages\/262","targetHints":{"allow":["GET"]}}],"collection":[{"href":"https:\/\/eventos.ugr.es\/aelco2024\/wp-json\/wp\/v2\/pages"}],"about":[{"href":"https:\/\/eventos.ugr.es\/aelco2024\/wp-json\/wp\/v2\/types\/page"}],"author":[{"embeddable":true,"href":"https:\/\/eventos.ugr.es\/aelco2024\/wp-json\/wp\/v2\/users\/18"}],"replies":[{"embeddable":true,"href":"https:\/\/eventos.ugr.es\/aelco2024\/wp-json\/wp\/v2\/comments?post=262"}],"version-history":[{"count":5,"href":"https:\/\/eventos.ugr.es\/aelco2024\/wp-json\/wp\/v2\/pages\/262\/revisions"}],"predecessor-version":[{"id":1196,"href":"https:\/\/eventos.ugr.es\/aelco2024\/wp-json\/wp\/v2\/pages\/262\/revisions\/1196"}],"wp:attachment":[{"href":"https:\/\/eventos.ugr.es\/aelco2024\/wp-json\/wp\/v2\/media?parent=262"}],"wp:term":[{"taxonomy":"folder","embeddable":true,"href":"https:\/\/eventos.ugr.es\/aelco2024\/wp-json\/wp\/v2\/folder?post=262"}],"curies":[{"name":"wp","href":"https:\/\/api.w.org\/{rel}","templated":true}]}}