{"id":128,"date":"2024-11-11T11:40:53","date_gmt":"2024-11-11T10:40:53","guid":{"rendered":"https:\/\/eventos.ugr.es\/inquim2025\/?page_id=128"},"modified":"2025-07-03T11:30:59","modified_gmt":"2025-07-03T09:30:59","slug":"programa","status":"publish","type":"page","link":"https:\/\/eventos.ugr.es\/jniq38\/programa\/","title":{"rendered":"Programa"},"content":{"rendered":"\n<div class=\"wp-block-uagb-container uagb-block-cc6bf578 alignfull uagb-is-root-container\">\n<div class=\"wp-block-uagb-container uagb-block-e839b15d alignfull uagb-is-root-container\"><div class=\"uagb-container-inner-blocks-wrap\"><\/div><\/div>\n<\/div>\n\n\n\n<h2 class=\"wp-block-heading has-text-align-left titulo-sitio\" style=\"font-style:normal;font-weight:100;line-height:0.3\">Programa<\/h2>\n\n\n\n<div style=\"height:20px\" aria-hidden=\"true\" class=\"wp-block-spacer\"><\/div>\n\n\n<style>.kadence-column128_e990b7-25 > .kt-inside-inner-col,.kadence-column128_e990b7-25 > .kt-inside-inner-col:before{border-top-left-radius:0px;border-top-right-radius:0px;border-bottom-right-radius:0px;border-bottom-left-radius:0px;}.kadence-column128_e990b7-25 > .kt-inside-inner-col{column-gap:var(--global-kb-gap-sm, 1rem);}.kadence-column128_e990b7-25 > .kt-inside-inner-col{flex-direction:column;}.kadence-column128_e990b7-25 > .kt-inside-inner-col > .aligncenter{width:100%;}.kadence-column128_e990b7-25 > .kt-inside-inner-col:before{opacity:0.3;}.kadence-column128_e990b7-25{position:relative;}@media all and (max-width: 1024px){.kadence-column128_e990b7-25 > .kt-inside-inner-col{flex-direction:column;justify-content:center;}}@media all and (max-width: 767px){.kadence-column128_e990b7-25 > .kt-inside-inner-col{flex-direction:column;justify-content:center;}}<\/style>\n<div class=\"wp-block-kadence-column kadence-column128_e990b7-25 inner-column-1\"><div class=\"kt-inside-inner-col\"><style>.wp-block-kadence-advancedheading.kt-adv-heading128_f4cba9-af, .wp-block-kadence-advancedheading.kt-adv-heading128_f4cba9-af[data-kb-block=\"kb-adv-heading128_f4cba9-af\"]{text-align:center;font-style:normal;}.wp-block-kadence-advancedheading.kt-adv-heading128_f4cba9-af mark.kt-highlight, .wp-block-kadence-advancedheading.kt-adv-heading128_f4cba9-af[data-kb-block=\"kb-adv-heading128_f4cba9-af\"] mark.kt-highlight{font-style:normal;color:#f76a0c;-webkit-box-decoration-break:clone;box-decoration-break:clone;padding-top:0px;padding-right:0px;padding-bottom:0px;padding-left:0px;}<\/style>\n<h3 class=\"kt-adv-heading128_f4cba9-af wp-block-kadence-advancedheading\" data-kb-block=\"kb-adv-heading128_f4cba9-af\"><strong>XXXVIII Jornadas Nacionales de Ingenier\u00eda Qu\u00edmica<\/strong><\/h3>\n\n\n<style>.wp-block-kadence-advancedheading.kt-adv-heading128_2bf7e1-67, .wp-block-kadence-advancedheading.kt-adv-heading128_2bf7e1-67[data-kb-block=\"kb-adv-heading128_2bf7e1-67\"]{text-align:center;font-style:normal;}.wp-block-kadence-advancedheading.kt-adv-heading128_2bf7e1-67 mark.kt-highlight, .wp-block-kadence-advancedheading.kt-adv-heading128_2bf7e1-67[data-kb-block=\"kb-adv-heading128_2bf7e1-67\"] mark.kt-highlight{font-style:normal;color:#f76a0c;-webkit-box-decoration-break:clone;box-decoration-break:clone;padding-top:0px;padding-right:0px;padding-bottom:0px;padding-left:0px;}<\/style>\n<h4 class=\"kt-adv-heading128_2bf7e1-67 wp-block-kadence-advancedheading\" data-kb-block=\"kb-adv-heading128_2bf7e1-67\"><em>Liderando la sociedad hacia un futuro sostenible<\/em><\/h4>\n<\/div><\/div>\n\n\n\n<div style=\"height:50px\" aria-hidden=\"true\" class=\"wp-block-spacer\"><\/div>\n\n\n\n<p>Informamos de algunas de las <strong>PONENCIAS INVITADAS<\/strong> que han confirmado su participaci\u00f3n:<\/p>\n\n\n\n<div class=\"wp-block-uagb-container uagb-block-33eceac8 default uagb-is-root-container\">\n<div class=\"wp-block-uagb-container uagb-block-4f42622d\">\n<div data-aos= \"fade-down\" data-aos-duration=\"400\" data-aos-delay=\"0\" data-aos-easing=\"ease\" data-aos-once=\"true\" class=\"wp-block-uagb-team uagb-team__image-position-left uagb-team__align-left uagb-team__stack-tablet uagb-block-4fa8226b\"><img decoding=\"async\" class=\"uagb-team__image-crop-circle\" src=\"https:\/\/eventos.ugr.es\/jniq38\/wp-content\/uploads\/sites\/28\/2025\/06\/Carlos-Prieto.jpg\" alt=\"\" height=\"130\" width=\"130\" loading=\"lazy\"\/><div class=\"uagb-team__content\"><h4 class=\"uagb-team__title\"><strong><br><br>Carlos Alberto Prieto Velasco<\/strong><\/h4><span class=\"uagb-team__prefix\"><\/span><p class=\"uagb-team__desc\">Centrado en la Transici\u00f3n Energ\u00e9tica de Moeve (Cepsa). Lidera los equipos de investigaci\u00f3n que se encargan de la evaluaci\u00f3n de materias primas alternativas para los Parques Energ\u00e9ticos, las pruebas de catalizadores en planta piloto y el desarrollo de combustibles descarbonizados y productos qu\u00edmicos de origen biol\u00f3gico.<\/p><\/div><\/div>\n<\/div>\n\n\n\n<div class=\"wp-block-uagb-container uagb-block-cee62c55\">\n<div data-aos= \"fade-down\" data-aos-duration=\"400\" data-aos-delay=\"0\" data-aos-easing=\"ease\" data-aos-once=\"true\" class=\"wp-block-uagb-team uagb-team__image-position-left uagb-team__align-left uagb-team__stack-tablet uagb-block-4fdd650f\"><img decoding=\"async\" class=\"uagb-team__image-crop-circle\" src=\"https:\/\/eventos.ugr.es\/jniq38\/wp-content\/uploads\/sites\/28\/2025\/06\/Aurora-Santos.jpg\" alt=\"\" height=\"130\" width=\"130\" loading=\"lazy\"\/><div class=\"uagb-team__content\"><h4 class=\"uagb-team__title\"><strong><br><br>Aurora Santos<\/strong><\/h4><span class=\"uagb-team__prefix\"><\/span><p class=\"uagb-team__desc\">Catedr\u00e1tica de Ingenier\u00eda Qu\u00edmica y dirige el grupo de investigaci\u00f3n INPROQUIMA, en la Universidad Complutense de Madrid. Coordina, desde 2018, el Programa de I+D CARESOIL-CM. Su investigaci\u00f3n en tecnolog\u00edas de remediaci\u00f3n se ha centrado en tratamientos innovadores que combinan oxidantes, surfactantes y tecnolog\u00edas h\u00edbridas, siempre con un enfoque en la sostenibilidad. Es Acad\u00e9mica Correspondiente de la Real Academia de Ciencias Exactas, F\u00edsicas y Naturales.<\/p><\/div><\/div>\n<\/div>\n<\/div>\n\n\n\n<div style=\"height:30px\" aria-hidden=\"true\" class=\"wp-block-spacer\"><\/div>\n\n\n\n<h4 class=\"wp-block-heading has-text-align-center\" style=\"margin-top:25px;margin-bottom:25px\">PROGRAMA DEFINITIVO<\/h4>\n\n\n\n<div class=\"wp-block-uagb-container uagb-block-b7bcfc4b alignfull uagb-is-root-container\"><div class=\"uagb-container-inner-blocks-wrap\">\n<div class=\"wp-block-uagb-container uagb-block-ecb8dcec\"><\/div>\n\n\n\n<div class=\"wp-block-uagb-container uagb-block-19fa7466\">\n<div class=\"wp-block-uagb-info-box uagb-block-bbd119b7 uagb-infobox__content-wrap  uagb-infobox_cta-type-all uagb-infobox-icon-above-title uagb-infobox-image-valign-top\"><a href=\"https:\/\/eventos.ugr.es\/jniq38\/wp-content\/uploads\/sites\/28\/2025\/07\/programa-jniq-2025.pdf\" class=\"uagb-infobox-link-wrap uagb-infbox__link-to-all\" target=\"_blank\" aria-label=\"Infobox Link\" rel=\"noopener noreferrer\" onclick=\"return true;\"><\/a><div class=\"uagb-ifb-content\"><div class=\"uagb-ifb-image-content\"><img decoding=\"async\" src=\"https:\/\/eventos.ugr.es\/jniq38\/wp-content\/uploads\/sites\/28\/2025\/07\/programa-web-desc-300x248.png\" alt=\"\" width=\"\" height=\"0\" loading=\"lazy\"\/><\/div><div class=\"uagb-ifb-title-wrap\"><h4 class=\"uagb-ifb-title\">Descargar programa<\/h4><\/div><p class=\"uagb-ifb-desc\">(Actualizado jueves 3 de julio 2025)<\/p><div class=\"uagb-ifb-button-wrapper wp-block-button\"><\/div><\/div><\/div>\n<\/div>\n\n\n\n<div class=\"wp-block-uagb-container uagb-block-70b81473\"><\/div>\n<\/div><\/div>\n\n\n\n<div class=\"tabla-responsive\">\n  <table class=\"tabla-programa\">\n    <thead>\n      <tr>\n        <th colspan=\"2\"> Mi\u00e9rcoles, 9 de julio<\/th>\n      <\/tr>\n    <\/thead>\n    <tbody>\n      <tr>\n        <td class=\"cell-horario\">15:30 h<\/td>\n        <td class=\"cell-varios\">Recepci\u00f3n participantes y entrega de documentaci\u00f3n<\/td>\n      <\/tr>\n      <tr>\n        <td class=\"cell-horario\">16:00 h<\/td>\n        <td class=\"cell-varios\">Acto inaugural<\/td>\n      <\/tr>\n      <tr>\n        <td class=\"cell-horario\">16:30 h<\/td>\n        <td class=\"cell-conferencia\"> <b> CONFERENCIA PLENARIA 1 <\/b> <br><br>\n          Carlos A. Prieto Velasco (MOEVE)<br>\n           <span style=\"text-transform: none !important;\">\u201cIngenier\u00eda Qu\u00edmica en Tiempos de Transici\u00f3n Energ\u00e9tica: Entre Thomas Kuhn, Vaclav Smil y Ada Lovelace\u201d<\/span>\n        <\/td>\n      <\/tr>\n      <tr>\n        <td class=\"cell-horario\">17:15 h &#8211; 18:30 h<\/td>\n        <td class=\"cell-session\">Sesi\u00f3n 1: Reto Energ\u00e9tico <br>\n            <span style=\"text-transform: none !important;\">(Sal\u00f3n de Grados)<\/span> <br>\n            <span style=\"text-transform: none !important;\">\n                <br>\n                Oral &#8211; 1 <br>\n                Oral &#8211; 2 <br>\n                Oral &#8211; 3 <br>\n                Oral &#8211; 4 <br>\n                Oral &#8211; 5 <br>\n                Oral &#8211; 6 <br>\n            <\/span>\n\n        <\/td>\n      <\/tr>\n      <tr>\n        <td class=\"cell-horario\">19:45 h <\/td>\n        <td class=\"cell-visitas\">Actividad cultural (visita guiada)<\/td>\n      <\/tr>\n      <tr>\n        <td class=\"cell-horario\">21:00 h<\/td>\n        <td class=\"cell-visitas\">C\u00f3ctel (Complejo Administrativo Triunfo)<\/td>\n      <\/tr>\n    <\/tbody>\n  <\/table>\n<\/div>\n<br>\n<div class=\"tabla-responsive\">\n  <table class=\"tabla-programa\">\n    <thead>\n      <tr>\n        <th colspan=\"2\"> Jueves, 10 de julio<\/th>\n      <\/tr>\n    <\/thead>\n    <tbody>\n      <tr>\n        <td class=\"cell-horario\">08:30 h<\/td>\n        <td class=\"cell-varios\">Recepci\u00f3n participantes y entrega de documentaci\u00f3n<\/td>\n      <\/tr>\n      <tr>\n        <td class=\"cell-horario\">09:00 h<\/td>\n        <td class=\"cell-conferencia\"> <b> CONFERENCIA PLENARIA 2 <\/b> <br><br> \n            Aurora Santos (Universidad Complutense de Madrid) <br>\n            <span style=\"text-transform: none !important;\">\u00abRemediaci\u00f3n Sostenible de Suelos y Aguas Subterr\u00e1neas: Un enfoque multidisciplinar\u00bb\n            <\/span>\n        \n      <\/td>\n      <\/tr>\n      <tr>\n        <td class=\"cell-horario\">09:45 h<\/td>\n        <td class=\"cell-session\">Sesi\u00f3n 2-A<br>\n          Procesos sostenibles I <br>\n        <span style=\"text-transform: none !important;\">(Sal\u00f3n de Grados)<\/span> <br>\n            <span style=\"text-transform: none !important;\">\n                <br>\n                Oral &#8211; 7 <br>\n                Oral &#8211; 8 <br>\n                Oral &#8211; 9 <br>\n                Oral &#8211; 10 <br>\n                Oral &#8211; 11 <br>\n                Oral &#8211; 12 <br>\n            <\/span>\n        \n        <\/td>\n      <\/tr>\n       <tr>\n        <td class=\"cell-horario\">09:45 h<\/td>\n        <td class=\"cell-session\">Sesi\u00f3n 2-B<br>\n          Medio ambiente y Salud I <br>\n          <span style=\"text-transform: none !important;\">(Aula A15)<\/span> <br>\n            <span style=\"text-transform: none !important;\">\n                <br>\n                Oral &#8211; 13 <br>\n                Oral &#8211; 14 <br>\n                Oral &#8211; 15 <br>\n                Oral &#8211; 16 <br>\n                Oral &#8211; 17 <br>\n                Oral &#8211; 18 <br>\n            <\/span>\n\n        <\/td>\n      <\/tr>\n      <tr>\n        <td class=\"cell-horario\">11:00 h<\/td>\n        <td class=\"cell-cb\">Pausa caf\u00e9<\/td>\n      <\/tr>\n      <tr>\n        <td class=\"cell-horario\">11:30 h<\/td>\n        <td class=\"cell-mesa\"> <b> MESA REDONDA <\/b> <br><br>\n          Jos\u00e9 Camacho P\u00e1ez (Universidad de Granada) y Manuel Franco Rodr\u00edguez (Emasagra)<br>\n          <span style=\"text-transform: none !important;\">\u201cIngenier\u00eda Qu\u00edmica y Ciencia de Datos al servicio de la Sociedad\u201d<\/span> <br>\n        \n        <\/td>\n      <\/tr>\n      <tr>\n        <td class=\"cell-horario\">12:15 h<\/td>\n        <td class=\"cell-session\">Sesi\u00f3n 3<br>\n          Procesos sostenibles II <br>\n          <span style=\"text-transform: none !important;\">(Sal\u00f3n de Grados)<\/span> <br>\n            <span style=\"text-transform: none !important;\">\n                <br>\n                Oral &#8211; 19 <br>\n                Oral &#8211; 31 (FCC) <br>\n                Oral &#8211; 21 <br>\n                Oral &#8211; 22 <br>\n            <\/span>\n        <\/td>\n      <\/tr>\n      <tr>\n        <td class=\"cell-horario\">12:30 h<\/td>\n        <td class=\"cell-flash\"> ** Asamblea anual de la CODDIQ ** <br>\n          <span style=\"text-transform: none !important;\">(Sala de Claustros)<\/span>\n         <\/td>\n      <\/tr>\n      <tr>\n        <td class=\"cell-horario\">13:15 h<\/td>\n        <td class=\"cell-flash\">Sesi\u00f3n presentaciones Flash I <\/td>\n      <\/tr>\n      <tr>\n        <td class=\"cell-horario\">14:30 h<\/td>\n        <td class=\"cell-cb\">Comida<\/td>\n      <\/tr>\n      <tr>\n        <td class=\"cell-horario\">15:30 h<\/td>\n        <td class=\"cell-conferencia\"> <b> CONFERENCIA PLENARIA 3 <\/b> <br><br> Xanel Vecino (Universidad de Vigo)<br>\n            <span style=\"text-transform: none !important;\">\u00abProcesos convencionales e innovadores para la recuperaci\u00f3n de biosurfactantes a partir de residuos agroindustriales\u00bb\n            <\/span>\n        <\/td>\n      <\/tr>\n      <tr>\n        <td class=\"cell-horario\">16:10 h<\/td>\n        <td class=\"cell-session\">Sesi\u00f3n 4-A <br>\n          Procesos sostenibles III <br>\n          <span style=\"text-transform: none !important;\">(Sal\u00f3n de Grados)<\/span> <br>\n            <span style=\"text-transform: none !important;\">\n                <br>\n                Oral &#8211; 25 <br>\n                Oral &#8211; 26 <br>\n                Oral &#8211; 27 <br>\n                Oral &#8211; 28 <br>\n                Oral &#8211; 29 <br>\n                Oral &#8211; 20 <br>\n            <\/span>\n        \n        <\/td>\n      <\/tr>\n      <tr>\n        <td class=\"cell-horario\">16:10 h<\/td>\n        <td class=\"cell-session\">Sesi\u00f3n 4-B <br>\n          Medio ambiente y Salud II \/ Nuevos Materiales <br>\n          <span style=\"text-transform: none !important;\">(Aula A15)<\/span> <br>\n            <span style=\"text-transform: none !important;\">\n                <br>\n                Oral &#8211; 23 <br>\n                Oral &#8211; 24 <br>\n                Oral &#8211; 37 <br>\n                Oral &#8211; 38 <br>\n                Oral &#8211; 39 <br>\n                Oral &#8211; 30 <br>\n            <\/span>\n        \n        <\/td>\n      <\/tr>\n      <tr>\n        <td class=\"cell-horario\">17:30 h &#8211; 18:30  h<\/td>\n        <td class=\"cell-flash\">Sesi\u00f3n presentaciones Flash II<\/td>\n      <\/tr>\n      <tr>\n        <td class=\"cell-horario\">20:45 h<\/td>\n        <td class=\"cell-cb\">Cena de Gala de las Jornadas<br>\n          <a href=\"https:\/\/maps.app.goo.gl\/ma9CedJLe11xBwEW6\" target=\"_blank\" rel=\"noopener\">(Palacio de los C\u00f3rdova)<\/a><\/td>\n      <\/tr>\n    <\/tbody>\n  <\/table>\n<\/div>\n<br>\n<div class=\"tabla-responsive\">\n  <table class=\"tabla-programa\">\n    <thead>\n      <tr>\n        <th colspan=\"2\"> Viernes, 11 de julio<\/th>\n      <\/tr>\n    <\/thead>\n    <tbody>\n      <tr>\n        <td class=\"cell-horario\">08:45 h<\/td>\n        <td class=\"cell-varios\">Recepci\u00f3n participantes y entrega de documentaci\u00f3n<\/td>\n      <\/tr>\n      <tr>\n        <td class=\"cell-horario\">09:00 h<\/td>\n        <td class=\"cell-charla\">TEDx <br> <span style=\"text-transform: none !important;\">\u00abDe Reactores a Algoritmos: Reinventando la Ingenier\u00eda Qu\u00edmica en la Era de la Sostenibilidad\u00bb <\/span> <br>\n        V\u00edctor Ortega y Antonio Fajardo\n    \n    <\/td>\n      <\/tr>\n      <tr>\n        <td class=\"cell-horario\">09:45 h<\/td>\n        <td class=\"cell-session\">Sesi\u00f3n 5 <br> Evaluaci\u00f3n sostenibilidad <br>\n          <span style=\"text-transform: none !important;\">(Sal\u00f3n de Grados)<\/span> <br>\n            <span style=\"text-transform: none !important;\">\n                <br>\n                Oral &#8211; 32 <br>\n                Oral &#8211; 33 <br>\n                Oral &#8211; 34 <br>\n                Oral &#8211; 35 <br>\n                Oral &#8211; 36 <br>\n            <\/span>\n        \n        <\/td>\n      <\/tr>\n      <tr>\n        <td class=\"cell-horario\">11:00 h<\/td>\n        <td class=\"cell-cb\">Pausa caf\u00e9<\/td>\n      <\/tr>\n      <tr>\n        <td class=\"cell-horario\">11:30 h<\/td>\n        <td class=\"cell-mesa\"> <b> MESA REDONDA <\/b> <br><br>\n        Juan Carlos Garc\u00eda (Letter Ingenieros), Raquel Mateos y Jos\u00e9 Aguilar (IFMIF-DONES) <br>\n        <span style=\"text-transform: none !important;\">\u00abEnerg\u00eda y Futuro: Ingenier\u00eda Qu\u00edmica en la Econom\u00eda Energ\u00e9tica\u00bb<\/span>\n      <\/td>\n      <\/tr>\n      <tr>\n        <td class=\"cell-horario\">12:15 h<\/td>\n        <td class=\"cell-session\">Sesi\u00f3n 6 <br> Reto energ\u00e9tico  <br>\n          <span style=\"text-transform: none !important;\">(Sal\u00f3n de Grados)<\/span> <br>\n            <span style=\"text-transform: none !important;\">\n                <br>\n                Oral &#8211; 40 <br>\n                Oral &#8211; 41 <br>\n                Oral &#8211; 42 <br>\n                Oral &#8211; 43 <br>\n            <\/span> \n        \n        <\/td>\n      <\/tr>\n      <tr>\n        <td class=\"cell-horario\">13:15 h &#8211; 14:30  h<\/td>\n        <td class=\"cell-flash\">Sesi\u00f3n presentaciones Flash III<\/td>\n      <\/tr>\n      <tr>\n        <td class=\"cell-horario\">14:30 h<\/td>\n        <td class=\"cell-cb\">Comida<\/td>\n      <\/tr>\n      <tr>\n        <td class=\"cell-horario\">15:30 h<\/td>\n        <td class=\"cell-varios\">Entrega de premios y distinciones<\/td>\n      <\/tr>\n      <tr>\n        <td class=\"cell-horario\">15:45 h<\/td>\n        <td class=\"cell-varios\">Acto de clausura<\/td>\n      <\/tr>\n    <\/tbody>\n  <\/table>\n<\/div>\n\n\n\n<div style=\"height:38px\" aria-hidden=\"true\" class=\"wp-block-spacer\"><\/div>\n","protected":false},"excerpt":{"rendered":"<p>Programa XXXVIII Jornadas Nacionales de Ingenier\u00eda Qu\u00edmica Liderando la sociedad hacia un futuro sostenible Informamos de algunas de las PONENCIAS INVITADAS que han confirmado su participaci\u00f3n: PROGRAMA DEFINITIVO Mi\u00e9rcoles, 9 de julio 15:30 h Recepci\u00f3n participantes y entrega de documentaci\u00f3n 16:00 h Acto inaugural 16:30 h CONFERENCIA PLENARIA 1 Carlos A. Prieto Velasco (MOEVE) \u201cIngenier\u00eda&#8230;<\/p>\n","protected":false},"author":18,"featured_media":0,"parent":0,"menu_order":0,"comment_status":"closed","ping_status":"closed","template":"","meta":{"_uag_custom_page_level_css":"","_kad_post_transparent":"","_kad_post_title":"","_kad_post_layout":"","_kad_post_sidebar_id":"","_kad_post_content_style":"","_kad_post_vertical_padding":"","_kad_post_feature":"","_kad_post_feature_position":"","_kad_post_header":false,"_kad_post_footer":false,"footnotes":""},"folder":[],"class_list":["post-128","page","type-page","status-publish","hentry"],"uagb_featured_image_src":{"full":false,"thumbnail":false,"medium":false,"medium_large":false,"large":false,"1536x1536":false,"2048x2048":false},"uagb_author_info":{"display_name":"antoniorodriguez","author_link":"https:\/\/eventos.ugr.es\/jniq38\/author\/antoniorodriguez\/"},"uagb_comment_info":0,"uagb_excerpt":"Programa XXXVIII Jornadas Nacionales de Ingenier\u00eda Qu\u00edmica Liderando la sociedad hacia un futuro sostenible Informamos de algunas de las PONENCIAS INVITADAS que han confirmado su participaci\u00f3n: PROGRAMA DEFINITIVO Mi\u00e9rcoles, 9 de julio 15:30 h Recepci\u00f3n participantes y entrega de documentaci\u00f3n 16:00 h Acto inaugural 16:30 h CONFERENCIA PLENARIA 1 Carlos A. Prieto Velasco (MOEVE) \u201cIngenier\u00eda...","_links":{"self":[{"href":"https:\/\/eventos.ugr.es\/jniq38\/wp-json\/wp\/v2\/pages\/128","targetHints":{"allow":["GET"]}}],"collection":[{"href":"https:\/\/eventos.ugr.es\/jniq38\/wp-json\/wp\/v2\/pages"}],"about":[{"href":"https:\/\/eventos.ugr.es\/jniq38\/wp-json\/wp\/v2\/types\/page"}],"author":[{"embeddable":true,"href":"https:\/\/eventos.ugr.es\/jniq38\/wp-json\/wp\/v2\/users\/18"}],"replies":[{"embeddable":true,"href":"https:\/\/eventos.ugr.es\/jniq38\/wp-json\/wp\/v2\/comments?post=128"}],"version-history":[{"count":67,"href":"https:\/\/eventos.ugr.es\/jniq38\/wp-json\/wp\/v2\/pages\/128\/revisions"}],"predecessor-version":[{"id":1345,"href":"https:\/\/eventos.ugr.es\/jniq38\/wp-json\/wp\/v2\/pages\/128\/revisions\/1345"}],"wp:attachment":[{"href":"https:\/\/eventos.ugr.es\/jniq38\/wp-json\/wp\/v2\/media?parent=128"}],"wp:term":[{"taxonomy":"folder","embeddable":true,"href":"https:\/\/eventos.ugr.es\/jniq38\/wp-json\/wp\/v2\/folder?post=128"}],"curies":[{"name":"wp","href":"https:\/\/api.w.org\/{rel}","templated":true}]}}