{"id":128,"date":"2024-11-11T11:40:53","date_gmt":"2024-11-11T10:40:53","guid":{"rendered":"https:\/\/eventos.ugr.es\/ruepep\/?page_id=128"},"modified":"2026-03-25T10:28:37","modified_gmt":"2026-03-25T09:28:37","slug":"programa","status":"publish","type":"page","link":"https:\/\/eventos.ugr.es\/ruepep2026\/programa\/","title":{"rendered":"Contenidos y Sesiones"},"content":{"rendered":"\n<div class=\"wp-block-uagb-container uagb-block-cc6bf578 alignfull uagb-is-root-container\">\n<div class=\"wp-block-uagb-container uagb-block-e839b15d alignfull uagb-is-root-container\"><div class=\"uagb-container-inner-blocks-wrap\">\n<h2 class=\"wp-block-heading has-text-align-center titulo-sitio has-white-color has-text-color has-background\" style=\"background-color:#036598a3;padding-top:var(--wp--preset--spacing--50);padding-bottom:1.6rem;font-style:normal;font-weight:400;line-height:0\">Contenidos y Sesiones<\/h2>\n<\/div><\/div>\n<\/div>\n\n\n\n<div class=\"wp-block-uagb-container uagb-block-7d4d228e alignfull uagb-is-root-container\"><div class=\"uagb-container-inner-blocks-wrap\">\n<div class=\"wp-block-uagb-advanced-heading uagb-block-dba7d88e\"><h3 class=\"uagb-heading-text\"><strong><em>Formaci\u00f3n Permanente y Empleabilidad: Alianzas Estrat\u00e9gicas con el Entorno P\u00fablico-Privado<\/em><\/strong><\/h3><\/div>\n<\/div><\/div>\n\n\n\n<h3 class=\"wp-block-heading has-text-align-center has-theme-palette-1-color has-text-color has-link-color wp-elements-8252717b6b99aae7932a2b6cc44961ac\">Programa<\/h3>\n\n\n\n<div style=\"height:25px\" aria-hidden=\"true\" class=\"wp-block-spacer\"><\/div>\n\n\n\n<p class=\"enlace-ubicacion\"><a href=\"https:\/\/maps.app.goo.gl\/EZZvhdjipHMczcYF7\" target=\"_blank\">Edificio de la Escuela T\u00e9cnica Superior de Ingenier\u00eda de la Edificaci\u00f3n (ETSIE). Universidad de Granada<\/a><\/p>\n\n\n\n<div class=\"programa\">\n  <div class=\"calendario-programa\">\n    <div class=\"fecha-calendario-programa\">\n      <p class=\"dia-semana-programa\">Mi\u00e9rcoles<\/p>\n      <p class=\"dia-fecha-programa\">25<\/p>\n      <p class=\"mes-fecha-programa\">MARZO<\/p>\n      <p class=\"ano-fecha-programa\">2026<\/p>\n    <\/div>\n  <\/div>\n  <div class=\"info-programa\">\n    <p class=\"titulo-info-programa\">16:30 &#8211; 17:00 h \/ Acreditaci\u00f3n<\/p>\n    <p class=\"titulo-info-programa\">17:00 &#8211; 18:00 h \/ Asamblea <a href=\"https:\/\/maps.app.goo.gl\/75ytBZuyE4jNGxAm8\" target=\"_blank\"><span class=\"localizacion\">Sal\u00f3n de Actos de la E. T. S. de Ingenier\u00eda de Edificaci\u00f3n<\/span><\/a><\/p>\n    <p class=\"titulo-info-programa\">20:00 h \/ Cena C\u00f3ctel. <a href=\"https:\/\/maps.app.goo.gl\/W4HrSbEFmC1JqhN1A\" target=\"_blank\"><span class=\"localizacion\">Carmen de la Victoria<\/span><\/a><\/p>\n  <\/div>\n<\/div>\n\n\n\n<div class=\"programa\">\n  <div class=\"calendario-programa\">\n    <div class=\"fecha-calendario-programa\">\n      <p class=\"dia-semana-programa\">Jueves<\/p>\n      <p class=\"dia-fecha-programa\">26<\/p>\n      <p class=\"mes-fecha-programa\">MARZO<\/p>\n      <p class=\"ano-fecha-programa\">2026<\/p>\n    <\/div>\n  <\/div>\n  <div class=\"info-programa\">\n    <p class=\"titulo-info-programa\">09:00 &#8211; 09:30 h \/ Acreditaci\u00f3n<\/p>\n    <p class=\"titulo-info-programa\">09:30 &#8211; 10:00 h \/ Inauguraci\u00f3n<\/p>\n<ul>\n      <li><strong> Pedro Mercado Pacheco<\/strong><br>Rector de la Universidad de Granada<\/li>\n      <li><strong> Ana Vanesa Valero Garc\u00eda<\/strong><br>Presidenta de RUEPEP y Vicerrectora de Formaci\u00f3n Continua. Universidad de Murcia<\/li>\n      <li><strong> Ana M. Garc\u00eda Campa\u00f1a<\/strong><br>Vicerrectora de Posgrado y Formaci\u00f3n Permanente. Universidad de Granada<\/li>\n      <li><strong> Ana Mar\u00eda Cruz Valdivieso<\/strong><br>Directora de la Escuela T\u00e9cnica Superior de Ingenier\u00eda de Edificaci\u00f3n. Universidad de Granada<\/li>\n      <li><strong>  Antonio Posadas Chinchilla<\/strong><br>Secretario General de Universidades, Junta de Andaluc\u00eda<\/li>\n    <\/ul>\n    <p class=\"titulo-info-programa\">10:00 &#8211; 11:00 h \/ Conferencia  inaugural <em>&ldquo;Nuevas Ocupaciones Profesionales: retos en la formaci\u00f3n y en las universidades&rdquo;<\/em><\/p>\n    <ul>\n      <li><strong>Ignacio Castillo D\u00edaz<\/strong><br>\n        Director de Personas, Cultura y Organizaci\u00f3n de Herogra Group. Director de Human Capital en Deloitte durante m\u00e1s de 17 a\u00f1os<\/li>\n    <\/ul>\n    <p class=\"titulo-info-programa\">11:00 &#8211; 11:30 h \/ Pausa-Caf\u00e9<\/p>\n    <p class=\"titulo-info-programa\">11:30 &#8211; 13:30 h \/ Mesa redonda<em> &ldquo;Alianzas con el tejido empresarial: retos y oportunidades para una  formaci\u00f3n permanente conectada con el mercado&rdquo;<\/em><\/p>\n    <ul>\n\n   <li><strong>Vanessa Martos N\u00fa\u00f1ez<\/strong> (Moderadora)<br>\nDirectora de Formaci\u00f3n Permanente. Vicerrectorado de Posgrado y Formaci\u00f3n Permanente UGR<\/li>\n      <li><strong>Jos\u00e9 Juan Gonz\u00e1lez Garc\u00eda-Arquimbau<\/strong><br>\n        Tesorero del Colegio Oficial de Farmac\u00e9uticos de la Regi\u00f3n de Murcia (COFRM)<\/li>\n<li><strong>Cipriano Palomar Garc\u00eda<\/strong><br>\n       Director de la Escuela de Direcci\u00f3n y Altos Estudios (ediae) de C\u00e1mara de Comercio de Granada <\/li>\n<li><strong>Antonio Arenas Casas<\/strong><br>\n        Vicerrector de Formaci\u00f3n Continua, Emprendimiento y Empleabilidad. Universidad de C\u00f3rdoba<\/li>\n    <\/ul>\n    <p class=\"titulo-info-programa\">13:30 h \/ Foto oficial del encuentro<\/p>\n    <p class=\"titulo-info-programa\">14:00 &#8211; 16:00 h \/ Comida<\/p>\n    <p class=\"titulo-info-programa\">16:00 &#8211; 17:30 h \/ Mesa redonda <em>&ldquo;C\u00e1tedras, aulas y mecenazgo: estrategias de financiaci\u00f3n sostenible  en formaci\u00f3n permanente&rdquo;<\/em><\/p>\n    <ul>\n   <li><strong>Nicol\u00e1s Rodr\u00edguez Garc\u00eda<\/strong> (Moderador)<br>\nCatedr\u00e1tico de Derecho Procesal. Universidad de Salamanca. Expresidente RUEPEP<\/li>\n      <li><strong>Alejandro Exp\u00f3sito Fern\u00e1ndez<\/strong><br>\n        CEO de Optimiza Protective &#038; Consulting. Codirector de la C\u00e1tedra en Tecnolog\u00eda, Degradaci\u00f3n y Protecci\u00f3n de Materiales, Universidad de Murcia<\/li>\n<li><strong>Carlos Sampedro Matar\u00edn<\/strong><br>\n        Director de Transferencia e Innovaci\u00f3n. Vicerrectorado de Investigaci\u00f3n y Transferencia de la Universidad de Granada<\/li>\n<li><strong>Blanca Ares Gonz\u00e1lez<\/strong><br>\n        Directora de Universidades e Investigaci\u00f3n de la Junta de Castilla y Le\u00f3n<\/li>\n    <\/ul>\n    <p class=\"titulo-info-programa\">19:00 h \/ Visita guiada por el centro de Granada<\/p>\n    <p class=\"titulo-info-programa\">21:00 h \/ Cena de gala. <a href=\"https:\/\/maps.app.goo.gl\/jY387ncgYcVUEvr46\" target=\"_blank\"><span class=\"localizacion\">Hotel Palacio Santa Paula<\/span><\/a><\/p>\n  <\/div>\n<\/div>\n\n\n\n<div class=\"programa\">\n  <div class=\"calendario-programa\">\n    <div class=\"fecha-calendario-programa\">\n      <p class=\"dia-semana-programa\">Viernes<\/p>\n      <p class=\"dia-fecha-programa\">27<\/p>\n      <p class=\"mes-fecha-programa\">MARZO<\/p>\n      <p class=\"ano-fecha-programa\">2026<\/p>\n    <\/div>\n  <\/div>\n  <div class=\"info-programa\">\n    <p class=\"titulo-info-programa\">09:30 &#8211; 11:00 h \/ Mesa  redonda <em>&ldquo;Formaci\u00f3n permanente sin fronteras: internacionalizaci\u00f3n y alianzas europeas&rdquo;<\/em><\/p>\n    <ul>\n   <li><strong>Daniel Navas Carrillo<\/strong> (Moderador)<br>\nVicerrector Adjunto de Posgrado y Ense\u00f1anzas Propias. Universidad de M\u00e1laga<\/li>\n      <li><strong>Dorothy Kelly<\/strong><br>\n        Coordinadora de la alianza ARQUS. Universidad de Granada<\/li>\n<li><strong>Nicol\u00e1s Rodr\u00edguez Garc\u00eda<\/strong><br>\n        Catedr\u00e1tico de Derecho Procesal. Universidad de Salamanca. Expresidente RUEPEP<\/li>\n<li><strong>Carmen Paz Aparicio<\/strong><br>\n        Vicerrectora adjunta de formaci\u00f3n permanente y empleabilidad. Universidad Carlos III<\/li>\n    <\/ul>\n    <p class=\"titulo-info-programa\">11:00 &#8211; 11:30 h \/ Pausa-Caf\u00e9<\/p>\n    <p class=\"titulo-info-programa\">11:30 &#8211; 12:00 h \/ Ponencia <em>&ldquo;Revisi\u00f3n del estado de ejecuci\u00f3n y cierre del\u00a0\u00abPlan Microcreds\u00bb. Futuras oportunidades de financiaci\u00f3n&rdquo;<\/em><\/p>\n    <ul>\n      <li><strong>Pedro Mart\u00ednez Mart\u00edn<\/strong><br>\n      Subdirector General de Relaciones Institucionales, Programas y Calidad. Ministerio de Ciencia, Innovaci\u00f3n y Universidades<\/li>\n    <\/ul>\n    <p class=\"titulo-info-programa\">12:00 &#8211; 13:30 h \/ Mesa  redonda <strong>&ldquo;<\/strong><em>Colaboraci\u00f3n y alianzas con otras Administraciones P\u00fablicas: sinergias en formaci\u00f3n continua y profesionalizaci\u00f3n del empleo p\u00fablico&rdquo;<\/em><\/p>\n    <ul>\n<li><strong>Roberto Romero Llop<\/strong> (Moderador)<br>\nResponsable de T\u00edtulos Propios. Universitat Polit\u00e8cnica de Val\u00e8ncia<\/li>\n<li><strong>Mar\u00eda Dolores Cant\u00f3 C\u00e1novas<\/strong><br>\n      Decana-Presidenta del Ilustre Colegio de Procuradores de los Tribunales de Murcia<\/li>\n<li><strong>Fernando Carvajal Ram\u00edrez<\/strong><br>\n      Vicerrector de Posgrado y Relaciones Institucionales. Universidad de Almer\u00eda<\/li>\n<li><strong>Esteban Romero Fr\u00edas<\/strong><br>\n      Vicerrector De Innovaci\u00f3n Social, Empleabilidad y Emprendimiento. Universidad de Granada<\/li>\n<li><strong>Inmaculada Garc\u00eda Romera<\/strong><br>\n      Responsable de Formaci\u00f3n Escuela Andaluza de Salud P\u00fablica (EASP)<\/li>\n\n    <\/ul>\n    <p class=\"titulo-info-programa\">13:30 &#8211; 14:00 h \/ <em>&ldquo;La colaboraci\u00f3n universidad\u2013empresa como eje estrat\u00e9gico del  desarrollo econ\u00f3mico&rdquo;<\/em>. Entrevista a:<\/p>\n    <ul>\n      <li><strong>Gerardo Cuerva Valdivia<\/strong><br>\n        Presidente de la C\u00e1mara de Comercio y de la Confederaci\u00f3n de Empresarios de Granada<\/li>\n    <\/ul>\n    <p class=\"titulo-info-programa\">14:00 &#8211; 14:15 h \/ Acto  de clausura<\/p>\n    <p class=\"titulo-info-programa\">14:15 h \/ Comida<\/p>\n    <p class=\"titulo-info-programa\">19:00 h \/ Visita  nocturna a los Palacios Nazar\u00edes de la Alhambra.<br>\n    <\/p>\n  <\/div>\n<\/div>\n\n\n\n\n","protected":false},"excerpt":{"rendered":"<p>Contenidos y Sesiones Formaci\u00f3n Permanente y Empleabilidad: Alianzas Estrat\u00e9gicas con el Entorno P\u00fablico-Privado Programa Edificio de la Escuela T\u00e9cnica Superior de Ingenier\u00eda de la Edificaci\u00f3n (ETSIE). Universidad de Granada Mi\u00e9rcoles 25 MARZO 2026 16:30 &#8211; 17:00 h \/ Acreditaci\u00f3n 17:00 &#8211; 18:00 h \/ Asamblea Sal\u00f3n de Actos de la E. T. S. de Ingenier\u00eda&#8230;<\/p>\n","protected":false},"author":18,"featured_media":0,"parent":0,"menu_order":0,"comment_status":"closed","ping_status":"closed","template":"","meta":{"_uag_custom_page_level_css":"","_kad_post_transparent":"","_kad_post_title":"","_kad_post_layout":"","_kad_post_sidebar_id":"","_kad_post_content_style":"","_kad_post_vertical_padding":"","_kad_post_feature":"","_kad_post_feature_position":"","_kad_post_header":false,"_kad_post_footer":false,"footnotes":""},"folder":[],"class_list":["post-128","page","type-page","status-publish","hentry"],"uagb_featured_image_src":{"full":false,"thumbnail":false,"medium":false,"medium_large":false,"large":false,"1536x1536":false,"2048x2048":false},"uagb_author_info":{"display_name":"antoniorodriguez","author_link":"https:\/\/eventos.ugr.es\/ruepep2026\/author\/antoniorodriguez\/"},"uagb_comment_info":0,"uagb_excerpt":"Contenidos y Sesiones Formaci\u00f3n Permanente y Empleabilidad: Alianzas Estrat\u00e9gicas con el Entorno P\u00fablico-Privado Programa Edificio de la Escuela T\u00e9cnica Superior de Ingenier\u00eda de la Edificaci\u00f3n (ETSIE). Universidad de Granada Mi\u00e9rcoles 25 MARZO 2026 16:30 &#8211; 17:00 h \/ Acreditaci\u00f3n 17:00 &#8211; 18:00 h \/ Asamblea Sal\u00f3n de Actos de la E. T. S. de Ingenier\u00eda...","_links":{"self":[{"href":"https:\/\/eventos.ugr.es\/ruepep2026\/wp-json\/wp\/v2\/pages\/128","targetHints":{"allow":["GET"]}}],"collection":[{"href":"https:\/\/eventos.ugr.es\/ruepep2026\/wp-json\/wp\/v2\/pages"}],"about":[{"href":"https:\/\/eventos.ugr.es\/ruepep2026\/wp-json\/wp\/v2\/types\/page"}],"author":[{"embeddable":true,"href":"https:\/\/eventos.ugr.es\/ruepep2026\/wp-json\/wp\/v2\/users\/18"}],"replies":[{"embeddable":true,"href":"https:\/\/eventos.ugr.es\/ruepep2026\/wp-json\/wp\/v2\/comments?post=128"}],"version-history":[{"count":131,"href":"https:\/\/eventos.ugr.es\/ruepep2026\/wp-json\/wp\/v2\/pages\/128\/revisions"}],"predecessor-version":[{"id":2307,"href":"https:\/\/eventos.ugr.es\/ruepep2026\/wp-json\/wp\/v2\/pages\/128\/revisions\/2307"}],"wp:attachment":[{"href":"https:\/\/eventos.ugr.es\/ruepep2026\/wp-json\/wp\/v2\/media?parent=128"}],"wp:term":[{"taxonomy":"folder","embeddable":true,"href":"https:\/\/eventos.ugr.es\/ruepep2026\/wp-json\/wp\/v2\/folder?post=128"}],"curies":[{"name":"wp","href":"https:\/\/api.w.org\/{rel}","templated":true}]}}